{"version":"1.0","provider_name":"Rellablog ","provider_url":"https:\/\/lehorell.cafeblog.hu","author_name":"Rellablog","author_url":"https:\/\/lehorell.cafeblog.hu\/author\/lehorell\/","title":"Sz\u00e1z kilom\u00e9ter hossz\u00fa gondolat","html":"Jobbra, majd szinte r\u00f6gt\u00f6n megint jobbra, ut\u00e1na balra, egy \u00e9les kanyar jobbra \u00e9s m\u00e1ris ny\u00edl egyenes \u00fat vezet haz\u00e1ig. Sz\u00e1z kilom\u00e9ter. Pontosabban csak kilencvennyolc. Ennyi a t\u00e1vols\u00e1g Pest \u00e9s Harta k\u00f6z\u00f6tt az 51-es \u00faton.\r\n\r\nSokan azt hiszik, hogy hartai vagyok. Hogy ott sz\u00fclettem, s csak k\u00e9s\u0151bb k\u00f6lt\u00f6ztem a f\u0151v\u00e1rosba. Ez \u00edgy nem igaz, de rem\u00e9lem, egy hartai lakos sem b\u00e1nja, ha azt mondom: igen, \u00e9n m\u00e9gis kicsit ideval\u00f3si vagyok. Apai nagyap\u00e1m sz\u00fcletett ebben a faluban, de a jogi egyetemet m\u00e1r Budapesten kezdte, s a diploma megszerz\u00e9se ut\u00e1n itt is maradt. \u00c9n egy nyolcadik ker\u00fcleti k\u00f3rh\u00e1zban sz\u00fclettem, Zugl\u00f3ban voltam \u00f3vod\u00e1s, az \u00e1ltal\u00e1nos iskol\u00e1t \u00e9s a gimn\u00e1ziumot \u00dajpesten j\u00e1rtam, a feln\u0151tt \u00e9letet pedig a belv\u00e1rosban kezdtem. V\u00e1rosi l\u00e1ny vagyok, \u00edzig-v\u00e9rig, sz\u00edvvel-l\u00e9lekkel. De egy j\u00f3kora darab bel\u0151lem mindig Hart\u00e1ra h\u00faz.\r\n\r\nHat\u00e9ves voltam, amikor papa vett egy \u00fct\u00f6tt-kopott, roskatag v\u00e1lyogh\u00e1zat. Nyaral\u00f3nak, teleknek, h\u00e9tv\u00e9gi h\u00e1znak, eml\u00e9knek, ki, amire \u00e9pp haszn\u00e1lni akarja. Fel\u00faj\u00edttattuk, rendbe hoztuk, \u00e9p\u00edtett\u00fck, sz\u00e9p\u00edtett\u00fck, \u00f3vtuk \u00e9s szeretgett\u00fck. Apa hossz\u00fa \u00e9vek alatt berendezett egy olyan szob\u00e1t is, amiben csak hartai b\u00fatorok kaptak helyet. K\u00e9kfest\u0151 f\u00fcgg\u00f6ny\u00f6k, r\u00e9gi, csal\u00e1di fot\u00f3k a falon, oll\u00f3 a tisztaszoba ajtaja felett (hogy a gonoszt kett\u00e9v\u00e1gja), b\u00fabos kemence \u00e9s haj\u00f3padl\u00f3. Az eg\u00e9sz olyan lett, amilyennek meg\u00e1lmodta. Apa lelk\u00e9t \u0151rzi az a h\u00e1z. Ott van a falak k\u00f6z\u00f6tt \u00e9s abban a f\u00e1ban, amit k\u00f6z\u00f6sen \u00fcltett\u00fcnk az udvarba.\r\n\r\nGyerekk\u00e9nt minden nyarunkat ott t\u00f6lt\u00f6tt\u00fck, azt\u00e1n lassan a h\u00e9tv\u00e9g\u00e9ket is, majd j\u00f6ttek az \u00fcnnepek \u00e9s sz\u00e9p sorban az \u00f6sszes szabadnap. Elsz\u00f6kt\u00fcnk Pestr\u0151l, amikor csak lehetett, \u00e9s b\u00e1r sokszor hi\u00e1nyzott a v\u00e1rosi sokadalom, mindig neh\u00e9z sz\u00edvvel hagytuk el a HARTA t\u00e1bl\u00e1t. Feln\u0151ttk\u00e9nt any\u00e1val \u00e9s Zit\u00e1val hajnalig besz\u00e9lgett\u00fcnk a kerti padon, \u00e9s r\u00f6h\u00f6gt\u00fcnk tulajdonk\u00e9pp mindenen, am\u00edg a \u201ekicsik\u201d bent aludtak. Idilli k\u00e9p, mint ahogyan a ny\u00e1r esti locsol\u00e1sok a kertben, vagy a m\u00e9csesgy\u00fajt\u00e1sok a fagyos h\u00f3ban. Most m\u00e1r lecipelem Hettit meg Bing\u00f3t \u00e9s ha \u00e9pp nem dolgozik, akkor a f\u00e9rjem is elcsalom. Az a falu \u00f6sszekov\u00e1csol mindenkit.\r\n\r\nHetti el-elb\u00f3biskolt, \u00edgy szinte egyed\u00fcl voltam most a hazafele \u00faton. Gondolkodtam. Nosztalgi\u00e1ztam. Ah\u00e1ny kilom\u00e9ter vezet Budapestre, legal\u00e1bb annyi eml\u00e9k jutott az eszembe. Ezern\u00e9l is t\u00f6bb sz\u00e1l k\u00f6t Hart\u00e1hoz. A gyerekkorom, amikor m\u00e9g nem volt mobiltelefon \u00e9s internet. Reggel elt\u0171nt\u00fcnk a n\u0151v\u00e9remmel, esetleg eb\u00e9did\u0151ben hazak\u00f3v\u00e1lyogtunk, azt\u00e1n estig megint nem l\u00e1ttak benn\u00fcnket a sz\u00fcleink. Az ottani, vel\u00fcnk egykor\u00fa gyerekekkel \u201ebunkit\u201d \u00e9p\u00edtett\u00fcnk a vas\u00fat k\u00f6zel\u00e9ben, csatangoltunk a sz\u00e1nt\u00f3f\u00f6ldeken, alm\u00e1t \u00e9s \u00e9retlen barackot loptunk, lovagoltunk, begy\u0171jt\u00f6tt\u00fck az \u00e1rva kuty\u00e1kat, horg\u00e1sztunk a Duna parton, \u00fasztunk a K\u00e9kesi t\u00f3ban, \u00fcvegezt\u00fcnk n\u00e1lunk (a h\u00e1ts\u00f3 szob\u00e1ban), t\u00e1bort\u00fczet raktunk, szalonn\u00e1t s\u00fct\u00f6tt\u00fcnk, \u00e9nekelt\u00fcnk a bogr\u00e1cs k\u00f6r\u00fcl, \u00e9s pince klubbot nyitottunk. Ott tanultam k\u00e9zen\u00e1llni \u00e9s k\u00e9zen\u00e1ll\u00e1sb\u00f3l \u00e1tfordulni. Nyolc \u00e9vesen ott \u00e9reztem el\u0151sz\u00f6r, hogy szerelmes vagyok, a hartai vas\u00fat\u00e1llom\u00e1s egyik l\u00e1thatatlan zug\u00e1ban sz\u00edvtam el az els\u0151 sz\u00e1l cigim (egy borzalmas \u00edz\u0171, mentolos Helikont), ott r\u00fagtam be el\u0151sz\u00f6r (a Royal vodk\u00e1t\u00f3l ma is kir\u00e1z a hideg, de a m\u00e9zes p\u00e1link\u00e1t \u00e9s a meggybort tov\u00e1bbra is szeretem), \u00e9s h\u00e1t egy hartai, Duna parti h\u00e1zibuliban lett oda az \u00e1rtatlans\u00e1gom (\u0151 az, akibe nyolc \u00e9vesen is szerelmes voltam \u00e9s az \u0151 anyuk\u00e1ja tan\u00edtott meg anno k\u00e9zen \u00e1llni \u2013 kicsi a vil\u00e1g). \r\n\r\nHart\u00e1n \u00e9n vagyok a Rellike, a J\u00e1noska \u00e9s a Maya l\u00e1nya. Az \u00f6reg b\u00edr\u00f3 unok\u00e1ja, a Zita h\u00faga, a Tomi s\u00f3gorn\u0151je, \u00e9s a \u201etudod, \u0151k laknak a napos oldalon, a pestiek\u201d. Kis t\u00falz\u00e1ssal azt mondhatom: egyt\u0151l egyig ismernek az emberek. Mindenkinek k\u00f6sz\u00f6n\u00f6k \u00e9s k\u00e9ptelens\u00e9g \u00fagy eljutni a boltba, hogy legal\u00e1bb k\u00e9t ismer\u0151ssel ne v\u00e1ltsak n\u00e9h\u00e1ny sz\u00f3t. Rajtam k\u00edv\u00fcl m\u00e9g legal\u00e1bb sz\u00e1zan viselik a vezet\u00e9knevem \u00e9s szegr\u0151l-v\u00e9gr\u0151l tal\u00e1n mindenki a rokonom. Szerintem ott el\u0151bb tudt\u00e1k, hogy bab\u00e1nk lesz, mert semmi nem maradhat titokban. De nem is kell. Szeretem, hogy mindent tudnak r\u00f3lam, m\u00e9g azt is, ami nem igaz. \r\n\r\nOtt \u00fagy v\u00e1ltozom meg, hogy m\u00e9gis ugyanaz maradok, aki voltam. Eszem \u00e1g\u00e1ban sincs kocsiba \u00fclni, hisz Hart\u00e1n \u00fagy f\u00fajja a sz\u00e9l a hajam a biciklin, mint sehol m\u00e1sutt. Mindenf\u00e9le sz\u00e9lnek k\u00fcl\u00f6nleges az illata. M\u00e9g nyolc h\u00f3napos terhesen is minden nap letekertem a Dun\u00e1ra az unokah\u00fagommal a h\u00e1tam m\u00f6g\u00f6tt. Ny\u00e1ron mez\u00edtl\u00e1b megyek s\u00e9t\u00e1lni Bing\u00f3val, mert ott j\u00f3 mosolyogni azon, hogy b\u00e1rmennyire sik\u00e1lom, k\u00e9t h\u00f3nap alatt sem kopik le a kosz a talpamr\u00f3l. A kert\u00fcnkben termett csereszny\u00e9b\u0151l \u00e9s szilv\u00e1b\u00f3l f\u0151z\u00f6k levest \u00e9s telefon\u00e1l\u00e1s helyett pedig \u00e1tszaladok Zit\u00e1\u00e9khoz, ha elfogyott a pudingpor. Itthon is szoktam pizsam\u00e1ban k\u00e1v\u00e9zni a teraszon, de Hart\u00e1n ez m\u00e1s. Ott sokkal jobban esik ki\u00fclni h\u00e1l\u00f3ingben a kapu l\u00e9pcs\u0151j\u00e9re \u00e9s csorba b\u00f6gr\u00e9b\u0151l tejes k\u00e1v\u00e9t inni. Szabad vagyok.\r\n\r\nBet\u00e9ve tudom az utat, az 51-es \u00f6sszes f\u00e1j\u00e1t \u00e9s bokr\u00e1t j\u00f3l ismerem. Bek\u00f6t\u00f6tt szemmel is letal\u00e1ln\u00e9k. A b\u00facs\u00fa mindig neh\u00e9z, pedig tudom, hogy hamarosan \u00fajra itt leszek. Meghat\u00f3dom, ha pirossal \u00e1th\u00fazva l\u00e1tom: HARTA. Sehol m\u00e1shol nem tudn\u00e9k \u00e9lni, csakis Budapesten, de Harta egy olyan hely, ami n\u00e9lk\u00fcl k\u00e9ptelens\u00e9g l\u00e9tezni. Felt\u00f6lt, meggy\u00f3gy\u00edt, j\u00f3kedvre der\u00edt, gondoskodik r\u00f3lam. Harta az eny\u00e9m is \u00e9s sosem mondan\u00e9k le r\u00f3la!\r\n\r\nPest hat\u00e1r\u00e1ba \u00e9rve egyszerre gyorsul fel \u00e9s lassul le az \u00e9let. Piros l\u00e1mpa, \u00f6sszef\u00fcgg\u0151 kocsisor, k\u00f6zben pedig rengeteg, idegen ember, nagy h\u00e1zak, busz, metr\u00f3 \u00e9s villamos. A Duna itt is gy\u00f6ny\u00f6r\u0171! N\u00e9h\u00e1ny percig mindenkinek el\u0151re k\u00f6sz\u00f6n\u00f6k. Hirtelen nem is tudom, mit keresek itt, pedig biztos vagyok abban, hogy Budapest n\u00e9lk\u00fcl sem tudn\u00e9k teljes \u00e9letet \u00e9lni. Csak k\u00e9t \u00f3ra, nem eg\u00e9szen sz\u00e1z kilom\u00e9ter, s milyen hatalmas a t\u00e1vols\u00e1g: k\u00e9t k\u00fcl\u00f6n vil\u00e1g, amelyek m\u00e9gis b\u00e9k\u00e9sen megf\u00e9rnek bennem egym\u00e1s mellett. Nincs egyik a m\u00e1sik n\u00e9lk\u00fcl. Kellenek egym\u00e1snak, nekem pedig mindkett\u0151re nagy sz\u00fcks\u00e9gem van. \r\n\r\nMeglep\u0151d\u00f6m, ha valaki r\u00e1k\u00e9rdez: \u201ehol is van ez a Harta?\u201d, pedig nincs is ebben semmi k\u00fcl\u00f6n\u00f6s. Viszont tudok seg\u00edteni abban, ha valaki szeretn\u00e9 tudni, hol is van ez a Harta. Az 51-esr\u0151l egy \u00e9les kanyar balra a 98-as m\u00e9rf\u00f6ldk\u0151n\u00e9l, megint balra, azt\u00e1n enyh\u00e9n jobbra, \u00fajra balra \u00e9s hosszan egyenesen. Az a mi h\u00e1zunk. Az a mez\u00edtl\u00e1bas, farmerszokny\u00e1s, elny\u0171tt p\u00f3l\u00f3s, barna haj\u00fa l\u00e1ny, aki az \u00e9ppen j\u00e1rni tanul\u00f3 gyereke ut\u00e1n rohan, nyom\u00e1ban egy fekete-feh\u00e9r kuty\u00e1val, az pedig \u00e9n vagyok, id\u00e9n ny\u00e1ron. \r\nNem vagyok t\u0151sgy\u00f6keres lakos, a lakc\u00edmigazol\u00f3mon sosem szerepelt ennek a helys\u00e9gnek a neve, de \u00f6r\u00f6mmel b\u00e1rkinek megmutatom ezt a mes\u00e9s, kakaskukor\u00e9kol\u00e1ssal, t\u00fccs\u00f6kciripel\u00e9ssel \u00e9s pitypangsz\u00e1lling\u00f3z\u00e1ssal teli, d\u00e9li harangsz\u00f3t\u00f3l z\u00fag\u00f3 \u00e9s sz\u00e1zezer l\u00e1thatatlan gy\u00f6ny\u00f6r\u0171s\u00e9gt\u0151l bong\u00f3 vil\u00e1got! \r\nNem fogy el, mindenkinek jut bel\u0151le.\r\n\r\n","type":"rich"}